{"id":1106,"date":"2021-02-13T08:34:14","date_gmt":"2021-02-13T07:34:14","guid":{"rendered":"http:\/\/2021.lypictures.fr\/?page_id=1106"},"modified":"2023-03-02T22:46:07","modified_gmt":"2023-03-02T21:46:07","slug":"le-mariage-de-louis-ducruet-et-marie-chevallier","status":"publish","type":"page","link":"https:\/\/lypictures.fr\/en\/film-de-mariage\/le-mariage-de-louis-ducruet-et-marie-chevallier\/","title":{"rendered":"Le mariage de Louis Ducruet et Marie Chevallier"},"content":{"rendered":"<div data-elementor-type=\"wp-page\" data-elementor-id=\"1106\" class=\"elementor elementor-1106\" data-elementor-post-type=\"page\">\n\t\t\t\t\t\t<section class=\"elementor-section elementor-top-section elementor-element elementor-element-7e09c25 elementor-section-boxed elementor-section-height-default elementor-section-height-default\" data-id=\"7e09c25\" data-element_type=\"section\" data-e-type=\"section\">\n\t\t\t\t\t\t<div class=\"elementor-container elementor-column-gap-default\">\n\t\t\t\t\t<div class=\"elementor-column elementor-col-100 elementor-top-column elementor-element elementor-element-e2d75d1\" data-id=\"e2d75d1\" data-element_type=\"column\" data-e-type=\"column\">\n\t\t\t<div class=\"elementor-widget-wrap elementor-element-populated\">\n\t\t\t\t\t\t<div class=\"elementor-element elementor-element-500db0a elementor-widget elementor-widget-heading\" data-id=\"500db0a\" data-element_type=\"widget\" data-e-type=\"widget\" data-widget_type=\"heading.default\">\n\t\t\t\t<div class=\"elementor-widget-container\">\n\t\t\t\t\t<h1 class=\"elementor-heading-title elementor-size-default\">Le mariage de Louis Ducruet et Marie Chevallier<\/h1>\t\t\t\t<\/div>\n\t\t\t\t<\/div>\n\t\t\t\t<div class=\"elementor-element elementor-element-e456eb3 elementor-widget elementor-widget-heading\" data-id=\"e456eb3\" data-element_type=\"widget\" data-e-type=\"widget\" data-widget_type=\"heading.default\">\n\t\t\t\t<div class=\"elementor-widget-container\">\n\t\t\t\t\t<h2 class=\"elementor-heading-title elementor-size-default\">Mariage monaco<\/h2>\t\t\t\t<\/div>\n\t\t\t\t<\/div>\n\t\t\t\t<div class=\"elementor-element elementor-element-c69fede elementor-widget elementor-widget-image\" data-id=\"c69fede\" data-element_type=\"widget\" data-e-type=\"widget\" data-widget_type=\"image.default\">\n\t\t\t\t<div class=\"elementor-widget-container\">\n\t\t\t\t\t\t\t\t\t\t\t\t<figure class=\"wp-caption\">\n\t\t\t\t\t\t\t\t\t\t<img fetchpriority=\"high\" decoding=\"async\" width=\"800\" height=\"533\" src=\"https:\/\/lypictures.fr\/wp-content\/uploads\/2021\/02\/videaste-mariage-monaco-paca-13.jpg\" class=\"attachment-large size-large wp-image-785\" alt=\"\" srcset=\"https:\/\/lypictures.fr\/wp-content\/uploads\/2021\/02\/videaste-mariage-monaco-paca-13.jpg 845w, https:\/\/lypictures.fr\/wp-content\/uploads\/2021\/02\/videaste-mariage-monaco-paca-13-300x200.jpg 300w, https:\/\/lypictures.fr\/wp-content\/uploads\/2021\/02\/videaste-mariage-monaco-paca-13-768x512.jpg 768w\" sizes=\"(max-width: 800px) 100vw, 800px\">\t\t\t\t\t\t\t\t\t\t\t<figcaption class=\"widget-image-caption wp-caption-text\">Le mariage de Louis Ducruet et Marie Chevallier\u200b<\/figcaption>\n\t\t\t\t\t\t\t\t\t\t<\/figure>\n\t\t\t\t\t\t\t\t\t<\/div>\n\t\t\t\t<\/div>\n\t\t\t\t<div class=\"elementor-element elementor-element-d734154 elementor-widget elementor-widget-heading\" data-id=\"d734154\" data-element_type=\"widget\" data-e-type=\"widget\" data-widget_type=\"heading.default\">\n\t\t\t\t<div class=\"elementor-widget-container\">\n\t\t\t\t\t<h3 class=\"elementor-heading-title elementor-size-default\">mariage princier<\/h3>\t\t\t\t<\/div>\n\t\t\t\t<\/div>\n\t\t\t\t<div class=\"elementor-element elementor-element-04d4144 elementor-widget elementor-widget-text-editor\" data-id=\"04d4144\" data-element_type=\"widget\" data-e-type=\"widget\" data-widget_type=\"text-editor.default\">\n\t\t\t\t<div class=\"elementor-widget-container\">\n\t\t\t\t\t\t\t\t\t<p>La principaut\u00e9 de Monaco a une fois de plus fait parler d&rsquo;elle en mettant \u00e0 l&rsquo;honneur le Mariage de <b>Louis Ducruet<\/b> fils ain\u00e9 de la princesse h\u00e9riti\u00e8re <b>St\u00e9pha<\/b>nie de Monaco avec <b>Marie Chevallier<\/b>, sa compagne depuis 8 ans. C&rsquo;est ainsi que les vendredis 26 et samedis 27 juillet, que Marie et Louis unissaient leur destin sous les yeux de leurs proches.<\/p>\t\t\t\t\t\t\t\t<\/div>\n\t\t\t\t<\/div>\n\t\t\t\t\t<\/div>\n\t\t<\/div>\n\t\t\t\t\t<\/div>\n\t\t<\/section>\n\t\t\t\t<section class=\"elementor-section elementor-top-section elementor-element elementor-element-0b99308 elementor-section-boxed elementor-section-height-default elementor-section-height-default\" data-id=\"0b99308\" data-element_type=\"section\" data-e-type=\"section\">\n\t\t\t\t\t\t<div class=\"elementor-container elementor-column-gap-default\">\n\t\t\t\t\t<div class=\"elementor-column elementor-col-100 elementor-top-column elementor-element elementor-element-083a45f\" data-id=\"083a45f\" data-element_type=\"column\" data-e-type=\"column\">\n\t\t\t<div class=\"elementor-widget-wrap elementor-element-populated\">\n\t\t\t\t\t\t<div class=\"elementor-element elementor-element-8a30733 elementor-widget elementor-widget-gallery\" data-id=\"8a30733\" data-element_type=\"widget\" data-e-type=\"widget\" data-settings=\"{&quot;columns&quot;:2,&quot;lazyload&quot;:&quot;yes&quot;,&quot;gallery_layout&quot;:&quot;grid&quot;,&quot;columns_tablet&quot;:2,&quot;columns_mobile&quot;:1,&quot;gap&quot;:{&quot;unit&quot;:&quot;px&quot;,&quot;size&quot;:10,&quot;sizes&quot;:[]},&quot;gap_tablet&quot;:{&quot;unit&quot;:&quot;px&quot;,&quot;size&quot;:10,&quot;sizes&quot;:[]},&quot;gap_mobile&quot;:{&quot;unit&quot;:&quot;px&quot;,&quot;size&quot;:10,&quot;sizes&quot;:[]},&quot;link_to&quot;:&quot;file&quot;,&quot;aspect_ratio&quot;:&quot;3:2&quot;,&quot;overlay_background&quot;:&quot;yes&quot;,&quot;content_hover_animation&quot;:&quot;fade-in&quot;}\" data-widget_type=\"gallery.default\">\n\t\t\t\t<div class=\"elementor-widget-container\">\n\t\t\t\t\t\t\t<div class=\"elementor-gallery__container\">\n\t\t\t\t\t\t\t<a class=\"e-gallery-item elementor-gallery-item elementor-animated-content\" href=\"https:\/\/lypictures.fr\/wp-content\/uploads\/2021\/02\/videaste-mariage-monaco-paca-4.jpg\" data-elementor-open-lightbox=\"yes\" data-elementor-lightbox-slideshow=\"8a30733\" data-elementor-lightbox-title=\"videaste-mariage-monaco-paca-4\" data-e-action-hash=\"#elementor-action%3Aaction%3Dlightbox%26settings%3DeyJpZCI6ODIyLCJ1cmwiOiJodHRwczpcL1wvbHlwaWN0dXJlcy5mclwvd3AtY29udGVudFwvdXBsb2Fkc1wvMjAyMVwvMDJcL3ZpZGVhc3RlLW1hcmlhZ2UtbW9uYWNvLXBhY2EtNC5qcGciLCJzbGlkZXNob3ciOiI4YTMwNzMzIn0%3D\">\n\t\t\t\t\t<div class=\"e-gallery-image elementor-gallery-item__image\" data-thumbnail=\"https:\/\/lypictures.fr\/wp-content\/uploads\/2021\/02\/videaste-mariage-monaco-paca-4-200x300.jpg\" data-width=\"200\" data-height=\"300\" aria-label=\"\" role=\"img\" ><\/div>\n\t\t\t\t\t\t\t\t\t\t\t<div class=\"elementor-gallery-item__overlay\"><\/div>\n\t\t\t\t\t\t\t\t\t\t\t\t\t\t<\/a>\n\t\t\t\t\t\t\t<a class=\"e-gallery-item elementor-gallery-item elementor-animated-content\" href=\"https:\/\/lypictures.fr\/wp-content\/uploads\/2021\/02\/videaste-mariage-monaco-paca-3.jpg\" data-elementor-open-lightbox=\"yes\" data-elementor-lightbox-slideshow=\"8a30733\" data-elementor-lightbox-title=\"videaste-mariage-monaco-paca-3\" data-e-action-hash=\"#elementor-action%3Aaction%3Dlightbox%26settings%3DeyJpZCI6ODIxLCJ1cmwiOiJodHRwczpcL1wvbHlwaWN0dXJlcy5mclwvd3AtY29udGVudFwvdXBsb2Fkc1wvMjAyMVwvMDJcL3ZpZGVhc3RlLW1hcmlhZ2UtbW9uYWNvLXBhY2EtMy5qcGciLCJzbGlkZXNob3ciOiI4YTMwNzMzIn0%3D\">\n\t\t\t\t\t<div class=\"e-gallery-image elementor-gallery-item__image\" data-thumbnail=\"https:\/\/lypictures.fr\/wp-content\/uploads\/2021\/02\/videaste-mariage-monaco-paca-3-300x200.jpg\" data-width=\"300\" data-height=\"200\" aria-label=\"\" role=\"img\" ><\/div>\n\t\t\t\t\t\t\t\t\t\t\t<div class=\"elementor-gallery-item__overlay\"><\/div>\n\t\t\t\t\t\t\t\t\t\t\t\t\t\t<\/a>\n\t\t\t\t\t\t\t<a class=\"e-gallery-item elementor-gallery-item elementor-animated-content\" href=\"https:\/\/lypictures.fr\/wp-content\/uploads\/2021\/02\/videaste-mariage-monaco-paca-2.jpg\" data-elementor-open-lightbox=\"yes\" data-elementor-lightbox-slideshow=\"8a30733\" data-elementor-lightbox-title=\"videaste-mariage-monaco-paca-2\" data-e-action-hash=\"#elementor-action%3Aaction%3Dlightbox%26settings%3DeyJpZCI6ODIwLCJ1cmwiOiJodHRwczpcL1wvbHlwaWN0dXJlcy5mclwvd3AtY29udGVudFwvdXBsb2Fkc1wvMjAyMVwvMDJcL3ZpZGVhc3RlLW1hcmlhZ2UtbW9uYWNvLXBhY2EtMi5qcGciLCJzbGlkZXNob3ciOiI4YTMwNzMzIn0%3D\">\n\t\t\t\t\t<div class=\"e-gallery-image elementor-gallery-item__image\" data-thumbnail=\"https:\/\/lypictures.fr\/wp-content\/uploads\/2021\/02\/videaste-mariage-monaco-paca-2-300x200.jpg\" data-width=\"300\" data-height=\"200\" aria-label=\"\" role=\"img\" ><\/div>\n\t\t\t\t\t\t\t\t\t\t\t<div class=\"elementor-gallery-item__overlay\"><\/div>\n\t\t\t\t\t\t\t\t\t\t\t\t\t\t<\/a>\n\t\t\t\t\t\t\t<a class=\"e-gallery-item elementor-gallery-item elementor-animated-content\" href=\"https:\/\/lypictures.fr\/wp-content\/uploads\/2021\/02\/videaste-mariage-monaco-paca.jpg\" data-elementor-open-lightbox=\"yes\" data-elementor-lightbox-slideshow=\"8a30733\" data-elementor-lightbox-title=\"videaste-mariage-monaco-paca\" data-e-action-hash=\"#elementor-action%3Aaction%3Dlightbox%26settings%3DeyJpZCI6ODE5LCJ1cmwiOiJodHRwczpcL1wvbHlwaWN0dXJlcy5mclwvd3AtY29udGVudFwvdXBsb2Fkc1wvMjAyMVwvMDJcL3ZpZGVhc3RlLW1hcmlhZ2UtbW9uYWNvLXBhY2EuanBnIiwic2xpZGVzaG93IjoiOGEzMDczMyJ9\">\n\t\t\t\t\t<div class=\"e-gallery-image elementor-gallery-item__image\" data-thumbnail=\"https:\/\/lypictures.fr\/wp-content\/uploads\/2021\/02\/videaste-mariage-monaco-paca-300x200.jpg\" data-width=\"300\" data-height=\"200\" aria-label=\"\" role=\"img\" ><\/div>\n\t\t\t\t\t\t\t\t\t\t\t<div class=\"elementor-gallery-item__overlay\"><\/div>\n\t\t\t\t\t\t\t\t\t\t\t\t\t\t<\/a>\n\t\t\t\t\t\t\t<a class=\"e-gallery-item elementor-gallery-item elementor-animated-content\" href=\"https:\/\/lypictures.fr\/wp-content\/uploads\/2021\/02\/videaste-mariage-monaco-paca-22.jpg\" data-elementor-open-lightbox=\"yes\" data-elementor-lightbox-slideshow=\"8a30733\" data-elementor-lightbox-title=\"videaste-mariage-monaco-paca-22\" data-e-action-hash=\"#elementor-action%3Aaction%3Dlightbox%26settings%3DeyJpZCI6Nzk0LCJ1cmwiOiJodHRwczpcL1wvbHlwaWN0dXJlcy5mclwvd3AtY29udGVudFwvdXBsb2Fkc1wvMjAyMVwvMDJcL3ZpZGVhc3RlLW1hcmlhZ2UtbW9uYWNvLXBhY2EtMjIuanBnIiwic2xpZGVzaG93IjoiOGEzMDczMyJ9\">\n\t\t\t\t\t<div class=\"e-gallery-image elementor-gallery-item__image\" data-thumbnail=\"https:\/\/lypictures.fr\/wp-content\/uploads\/2021\/02\/videaste-mariage-monaco-paca-22-200x300.jpg\" data-width=\"200\" data-height=\"300\" aria-label=\"\" role=\"img\" ><\/div>\n\t\t\t\t\t\t\t\t\t\t\t<div class=\"elementor-gallery-item__overlay\"><\/div>\n\t\t\t\t\t\t\t\t\t\t\t\t\t\t<\/a>\n\t\t\t\t\t<\/div>\n\t\t\t\t\t<\/div>\n\t\t\t\t<\/div>\n\t\t\t\t<div class=\"elementor-element elementor-element-c5e013e elementor-widget elementor-widget-heading\" data-id=\"c5e013e\" data-element_type=\"widget\" data-e-type=\"widget\" data-widget_type=\"heading.default\">\n\t\t\t\t<div class=\"elementor-widget-container\">\n\t\t\t\t\t<h4 class=\"elementor-heading-title elementor-size-default\">mariage louis ducruet <\/h4>\t\t\t\t<\/div>\n\t\t\t\t<\/div>\n\t\t\t\t\t<\/div>\n\t\t<\/div>\n\t\t\t\t\t<\/div>\n\t\t<\/section>\n\t\t\t\t<section class=\"elementor-section elementor-top-section elementor-element elementor-element-149c10d elementor-section-boxed elementor-section-height-default elementor-section-height-default\" data-id=\"149c10d\" data-element_type=\"section\" data-e-type=\"section\">\n\t\t\t\t\t\t<div class=\"elementor-container elementor-column-gap-default\">\n\t\t\t\t\t<div class=\"elementor-column elementor-col-100 elementor-top-column elementor-element elementor-element-8812aea\" data-id=\"8812aea\" data-element_type=\"column\" data-e-type=\"column\">\n\t\t\t<div class=\"elementor-widget-wrap elementor-element-populated\">\n\t\t\t\t\t\t<div class=\"elementor-element elementor-element-51cb909 elementor-widget elementor-widget-text-editor\" data-id=\"51cb909\" data-element_type=\"widget\" data-e-type=\"widget\" data-widget_type=\"text-editor.default\">\n\t\t\t\t<div class=\"elementor-widget-container\">\n\t\t\t\t\t\t\t\t\t<p>La c\u00e9r\u00e9monie civile a \u00e9t\u00e9 c\u00e9l\u00e9br\u00e9e \u00e0 la mairie de Monaco le vendredi 26 juillet <b>en famille avec le Prince Albert Grimaldi <\/b>et son \u00e9pouse<b> Charl\u00e8ne, la Princesse<\/b> <b>Caroline Grimaldi<\/b>, les fr\u00e8res et s\u0153urs de Louis mais aussi la Famille de Marie, <b>Lisa Joubert<\/b>, ses fr\u00e8res ainsi que ses amies proches.<\/p>\t\t\t\t\t\t\t\t<\/div>\n\t\t\t\t<\/div>\n\t\t\t\t<div class=\"elementor-element elementor-element-3b73700 elementor-widget elementor-widget-gallery\" data-id=\"3b73700\" data-element_type=\"widget\" data-e-type=\"widget\" data-settings=\"{&quot;columns&quot;:3,&quot;lazyload&quot;:&quot;yes&quot;,&quot;gallery_layout&quot;:&quot;grid&quot;,&quot;columns_tablet&quot;:2,&quot;columns_mobile&quot;:1,&quot;gap&quot;:{&quot;unit&quot;:&quot;px&quot;,&quot;size&quot;:10,&quot;sizes&quot;:[]},&quot;gap_tablet&quot;:{&quot;unit&quot;:&quot;px&quot;,&quot;size&quot;:10,&quot;sizes&quot;:[]},&quot;gap_mobile&quot;:{&quot;unit&quot;:&quot;px&quot;,&quot;size&quot;:10,&quot;sizes&quot;:[]},&quot;link_to&quot;:&quot;file&quot;,&quot;aspect_ratio&quot;:&quot;3:2&quot;,&quot;overlay_background&quot;:&quot;yes&quot;,&quot;content_hover_animation&quot;:&quot;fade-in&quot;}\" data-widget_type=\"gallery.default\">\n\t\t\t\t<div class=\"elementor-widget-container\">\n\t\t\t\t\t\t\t<div class=\"elementor-gallery__container\">\n\t\t\t\t\t\t\t<a class=\"e-gallery-item elementor-gallery-item elementor-animated-content\" href=\"https:\/\/lypictures.fr\/wp-content\/uploads\/2021\/02\/videaste-mariage-monaco-paca-6.jpg\" data-elementor-open-lightbox=\"yes\" data-elementor-lightbox-slideshow=\"3b73700\" data-elementor-lightbox-title=\"videaste-mariage-monaco-paca-6\" data-e-action-hash=\"#elementor-action%3Aaction%3Dlightbox%26settings%3DeyJpZCI6ODI0LCJ1cmwiOiJodHRwczpcL1wvbHlwaWN0dXJlcy5mclwvd3AtY29udGVudFwvdXBsb2Fkc1wvMjAyMVwvMDJcL3ZpZGVhc3RlLW1hcmlhZ2UtbW9uYWNvLXBhY2EtNi5qcGciLCJzbGlkZXNob3ciOiIzYjczNzAwIn0%3D\">\n\t\t\t\t\t<div class=\"e-gallery-image elementor-gallery-item__image\" data-thumbnail=\"https:\/\/lypictures.fr\/wp-content\/uploads\/2021\/02\/videaste-mariage-monaco-paca-6-300x200.jpg\" data-width=\"300\" data-height=\"200\" aria-label=\"mariage de louis ducruet\" role=\"img\" ><\/div>\n\t\t\t\t\t\t\t\t\t\t\t<div class=\"elementor-gallery-item__overlay\"><\/div>\n\t\t\t\t\t\t\t\t\t\t\t\t\t\t<\/a>\n\t\t\t\t\t\t\t<a class=\"e-gallery-item elementor-gallery-item elementor-animated-content\" href=\"https:\/\/lypictures.fr\/wp-content\/uploads\/2021\/02\/videaste-mariage-monaco-paca-7.jpg\" data-elementor-open-lightbox=\"yes\" data-elementor-lightbox-slideshow=\"3b73700\" data-elementor-lightbox-title=\"videaste-mariage-monaco-paca-7\" data-e-action-hash=\"#elementor-action%3Aaction%3Dlightbox%26settings%3DeyJpZCI6ODI1LCJ1cmwiOiJodHRwczpcL1wvbHlwaWN0dXJlcy5mclwvd3AtY29udGVudFwvdXBsb2Fkc1wvMjAyMVwvMDJcL3ZpZGVhc3RlLW1hcmlhZ2UtbW9uYWNvLXBhY2EtNy5qcGciLCJzbGlkZXNob3ciOiIzYjczNzAwIn0%3D\">\n\t\t\t\t\t<div class=\"e-gallery-image elementor-gallery-item__image\" data-thumbnail=\"https:\/\/lypictures.fr\/wp-content\/uploads\/2021\/02\/videaste-mariage-monaco-paca-7-300x200.jpg\" data-width=\"300\" data-height=\"200\" aria-label=\"\" role=\"img\" ><\/div>\n\t\t\t\t\t\t\t\t\t\t\t<div class=\"elementor-gallery-item__overlay\"><\/div>\n\t\t\t\t\t\t\t\t\t\t\t\t\t\t<\/a>\n\t\t\t\t\t\t\t<a class=\"e-gallery-item elementor-gallery-item elementor-animated-content\" href=\"https:\/\/lypictures.fr\/wp-content\/uploads\/2021\/02\/videaste-mariage-monaco-paca-8.jpg\" data-elementor-open-lightbox=\"yes\" data-elementor-lightbox-slideshow=\"3b73700\" data-elementor-lightbox-title=\"videaste-mariage-monaco-paca-8\" data-e-action-hash=\"#elementor-action%3Aaction%3Dlightbox%26settings%3DeyJpZCI6ODI2LCJ1cmwiOiJodHRwczpcL1wvbHlwaWN0dXJlcy5mclwvd3AtY29udGVudFwvdXBsb2Fkc1wvMjAyMVwvMDJcL3ZpZGVhc3RlLW1hcmlhZ2UtbW9uYWNvLXBhY2EtOC5qcGciLCJzbGlkZXNob3ciOiIzYjczNzAwIn0%3D\">\n\t\t\t\t\t<div class=\"e-gallery-image elementor-gallery-item__image\" data-thumbnail=\"https:\/\/lypictures.fr\/wp-content\/uploads\/2021\/02\/videaste-mariage-monaco-paca-8-300x200.jpg\" data-width=\"300\" data-height=\"200\" aria-label=\"\" role=\"img\" ><\/div>\n\t\t\t\t\t\t\t\t\t\t\t<div class=\"elementor-gallery-item__overlay\"><\/div>\n\t\t\t\t\t\t\t\t\t\t\t\t\t\t<\/a>\n\t\t\t\t\t<\/div>\n\t\t\t\t\t<\/div>\n\t\t\t\t<\/div>\n\t\t\t\t\t<\/div>\n\t\t<\/div>\n\t\t\t\t\t<\/div>\n\t\t<\/section>\n\t\t\t\t<section class=\"elementor-section elementor-top-section elementor-element elementor-element-289acb6 elementor-section-boxed elementor-section-height-default elementor-section-height-default\" data-id=\"289acb6\" data-element_type=\"section\" data-e-type=\"section\">\n\t\t\t\t\t\t<div class=\"elementor-container elementor-column-gap-default\">\n\t\t\t\t\t<div class=\"elementor-column elementor-col-100 elementor-top-column elementor-element elementor-element-ee36c74\" data-id=\"ee36c74\" data-element_type=\"column\" data-e-type=\"column\">\n\t\t\t<div class=\"elementor-widget-wrap elementor-element-populated\">\n\t\t\t\t\t\t<div class=\"elementor-element elementor-element-f365086 elementor-widget elementor-widget-text-editor\" data-id=\"f365086\" data-element_type=\"widget\" data-e-type=\"widget\" data-widget_type=\"text-editor.default\">\n\t\t\t\t<div class=\"elementor-widget-container\">\n\t\t\t\t\t\t\t\t\t<p>Les festivit\u00e9s ont continu\u00e9 sur le mythique <b>Rocher<\/b> au c\u0153ur du jardin du <a href=\"https:\/\/www.palais.mc\/\" target=\"_blank\" rel=\"noopener\">Palais Princier<\/a> o\u00f9 nous avons d\u00e9couvert ce lieu sublime et secret&#8230;.Un grand honneur pour <a href=\"http:\/\/2021.lypictures.fr\/a-propos\/\">Lypictures<\/a>!<\/p>\t\t\t\t\t\t\t\t<\/div>\n\t\t\t\t<\/div>\n\t\t\t\t\t<\/div>\n\t\t<\/div>\n\t\t\t\t\t<\/div>\n\t\t<\/section>\n\t\t\t\t<section class=\"elementor-section elementor-top-section elementor-element elementor-element-306aea6 elementor-section-boxed elementor-section-height-default elementor-section-height-default\" data-id=\"306aea6\" data-element_type=\"section\" data-e-type=\"section\">\n\t\t\t\t\t\t<div class=\"elementor-container elementor-column-gap-default\">\n\t\t\t\t\t<div class=\"elementor-column elementor-col-100 elementor-top-column elementor-element elementor-element-18d10aa\" data-id=\"18d10aa\" data-element_type=\"column\" data-e-type=\"column\">\n\t\t\t<div class=\"elementor-widget-wrap elementor-element-populated\">\n\t\t\t\t\t\t<div class=\"elementor-element elementor-element-535dbf4 elementor-widget elementor-widget-gallery\" data-id=\"535dbf4\" data-element_type=\"widget\" data-e-type=\"widget\" data-settings=\"{&quot;gallery_layout&quot;:&quot;masonry&quot;,&quot;lazyload&quot;:&quot;yes&quot;,&quot;columns&quot;:4,&quot;columns_tablet&quot;:2,&quot;columns_mobile&quot;:1,&quot;gap&quot;:{&quot;unit&quot;:&quot;px&quot;,&quot;size&quot;:10,&quot;sizes&quot;:[]},&quot;gap_tablet&quot;:{&quot;unit&quot;:&quot;px&quot;,&quot;size&quot;:10,&quot;sizes&quot;:[]},&quot;gap_mobile&quot;:{&quot;unit&quot;:&quot;px&quot;,&quot;size&quot;:10,&quot;sizes&quot;:[]},&quot;link_to&quot;:&quot;file&quot;,&quot;overlay_background&quot;:&quot;yes&quot;,&quot;content_hover_animation&quot;:&quot;fade-in&quot;}\" data-widget_type=\"gallery.default\">\n\t\t\t\t<div class=\"elementor-widget-container\">\n\t\t\t\t\t\t\t<div class=\"elementor-gallery__container\">\n\t\t\t\t\t\t\t<a class=\"e-gallery-item elementor-gallery-item elementor-animated-content\" href=\"https:\/\/lypictures.fr\/wp-content\/uploads\/2021\/02\/videaste-mariage-monaco-paca-18.jpg\" data-elementor-open-lightbox=\"yes\" data-elementor-lightbox-slideshow=\"535dbf4\" data-elementor-lightbox-title=\"videaste-mariage-monaco-paca-18\" data-e-action-hash=\"#elementor-action%3Aaction%3Dlightbox%26settings%3DeyJpZCI6NzkwLCJ1cmwiOiJodHRwczpcL1wvbHlwaWN0dXJlcy5mclwvd3AtY29udGVudFwvdXBsb2Fkc1wvMjAyMVwvMDJcL3ZpZGVhc3RlLW1hcmlhZ2UtbW9uYWNvLXBhY2EtMTguanBnIiwic2xpZGVzaG93IjoiNTM1ZGJmNCJ9\">\n\t\t\t\t\t<div class=\"e-gallery-image elementor-gallery-item__image\" data-thumbnail=\"https:\/\/lypictures.fr\/wp-content\/uploads\/2021\/02\/videaste-mariage-monaco-paca-18-300x200.jpg\" data-width=\"300\" data-height=\"200\" aria-label=\"mariage cote-Azur\" role=\"img\" ><\/div>\n\t\t\t\t\t\t\t\t\t\t\t<div class=\"elementor-gallery-item__overlay\"><\/div>\n\t\t\t\t\t\t\t\t\t\t\t\t\t\t<\/a>\n\t\t\t\t\t\t\t<a class=\"e-gallery-item elementor-gallery-item elementor-animated-content\" href=\"https:\/\/lypictures.fr\/wp-content\/uploads\/2021\/02\/videaste-mariage-monaco-paca-17.jpg\" data-elementor-open-lightbox=\"yes\" data-elementor-lightbox-slideshow=\"535dbf4\" data-elementor-lightbox-title=\"videaste-mariage-monaco-paca-17\" data-e-action-hash=\"#elementor-action%3Aaction%3Dlightbox%26settings%3DeyJpZCI6Nzg5LCJ1cmwiOiJodHRwczpcL1wvbHlwaWN0dXJlcy5mclwvd3AtY29udGVudFwvdXBsb2Fkc1wvMjAyMVwvMDJcL3ZpZGVhc3RlLW1hcmlhZ2UtbW9uYWNvLXBhY2EtMTcuanBnIiwic2xpZGVzaG93IjoiNTM1ZGJmNCJ9\">\n\t\t\t\t\t<div class=\"e-gallery-image elementor-gallery-item__image\" data-thumbnail=\"https:\/\/lypictures.fr\/wp-content\/uploads\/2021\/02\/videaste-mariage-monaco-paca-17-200x300.jpg\" data-width=\"200\" data-height=\"300\" aria-label=\"\" role=\"img\" ><\/div>\n\t\t\t\t\t\t\t\t\t\t\t<div class=\"elementor-gallery-item__overlay\"><\/div>\n\t\t\t\t\t\t\t\t\t\t\t\t\t\t<\/a>\n\t\t\t\t\t\t\t<a class=\"e-gallery-item elementor-gallery-item elementor-animated-content\" href=\"https:\/\/lypictures.fr\/wp-content\/uploads\/2021\/02\/videaste-mariage-monaco-paca-14.jpg\" data-elementor-open-lightbox=\"yes\" data-elementor-lightbox-slideshow=\"535dbf4\" data-elementor-lightbox-title=\"videaste-mariage-monaco-paca-14\" data-e-action-hash=\"#elementor-action%3Aaction%3Dlightbox%26settings%3DeyJpZCI6Nzg2LCJ1cmwiOiJodHRwczpcL1wvbHlwaWN0dXJlcy5mclwvd3AtY29udGVudFwvdXBsb2Fkc1wvMjAyMVwvMDJcL3ZpZGVhc3RlLW1hcmlhZ2UtbW9uYWNvLXBhY2EtMTQuanBnIiwic2xpZGVzaG93IjoiNTM1ZGJmNCJ9\">\n\t\t\t\t\t<div class=\"e-gallery-image elementor-gallery-item__image\" data-thumbnail=\"https:\/\/lypictures.fr\/wp-content\/uploads\/2021\/02\/videaste-mariage-monaco-paca-14-300x200.jpg\" data-width=\"300\" data-height=\"200\" aria-label=\"\" role=\"img\" ><\/div>\n\t\t\t\t\t\t\t\t\t\t\t<div class=\"elementor-gallery-item__overlay\"><\/div>\n\t\t\t\t\t\t\t\t\t\t\t\t\t\t<\/a>\n\t\t\t\t\t\t\t<a class=\"e-gallery-item elementor-gallery-item elementor-animated-content\" href=\"https:\/\/lypictures.fr\/wp-content\/uploads\/2021\/02\/videaste-mariage-monaco-paca-15.jpg\" data-elementor-open-lightbox=\"yes\" data-elementor-lightbox-slideshow=\"535dbf4\" data-elementor-lightbox-title=\"videaste-mariage-monaco-paca-15\" data-e-action-hash=\"#elementor-action%3Aaction%3Dlightbox%26settings%3DeyJpZCI6Nzg3LCJ1cmwiOiJodHRwczpcL1wvbHlwaWN0dXJlcy5mclwvd3AtY29udGVudFwvdXBsb2Fkc1wvMjAyMVwvMDJcL3ZpZGVhc3RlLW1hcmlhZ2UtbW9uYWNvLXBhY2EtMTUuanBnIiwic2xpZGVzaG93IjoiNTM1ZGJmNCJ9\">\n\t\t\t\t\t<div class=\"e-gallery-image elementor-gallery-item__image\" data-thumbnail=\"https:\/\/lypictures.fr\/wp-content\/uploads\/2021\/02\/videaste-mariage-monaco-paca-15-200x300.jpg\" data-width=\"200\" data-height=\"300\" aria-label=\"\" role=\"img\" ><\/div>\n\t\t\t\t\t\t\t\t\t\t\t<div class=\"elementor-gallery-item__overlay\"><\/div>\n\t\t\t\t\t\t\t\t\t\t\t\t\t\t<\/a>\n\t\t\t\t\t\t\t<a class=\"e-gallery-item elementor-gallery-item elementor-animated-content\" href=\"https:\/\/lypictures.fr\/wp-content\/uploads\/2021\/02\/videaste-mariage-monaco-paca-16.jpg\" data-elementor-open-lightbox=\"yes\" data-elementor-lightbox-slideshow=\"535dbf4\" data-elementor-lightbox-title=\"videaste-mariage-monaco-paca-16\" data-e-action-hash=\"#elementor-action%3Aaction%3Dlightbox%26settings%3DeyJpZCI6Nzg4LCJ1cmwiOiJodHRwczpcL1wvbHlwaWN0dXJlcy5mclwvd3AtY29udGVudFwvdXBsb2Fkc1wvMjAyMVwvMDJcL3ZpZGVhc3RlLW1hcmlhZ2UtbW9uYWNvLXBhY2EtMTYuanBnIiwic2xpZGVzaG93IjoiNTM1ZGJmNCJ9\">\n\t\t\t\t\t<div class=\"e-gallery-image elementor-gallery-item__image\" data-thumbnail=\"https:\/\/lypictures.fr\/wp-content\/uploads\/2021\/02\/videaste-mariage-monaco-paca-16-300x200.jpg\" data-width=\"300\" data-height=\"200\" aria-label=\"\" role=\"img\" ><\/div>\n\t\t\t\t\t\t\t\t\t\t\t<div class=\"elementor-gallery-item__overlay\"><\/div>\n\t\t\t\t\t\t\t\t\t\t\t\t\t\t<\/a>\n\t\t\t\t\t\t\t<a class=\"e-gallery-item elementor-gallery-item elementor-animated-content\" href=\"https:\/\/lypictures.fr\/wp-content\/uploads\/2021\/02\/videaste-mariage-monaco-paca-21.jpg\" data-elementor-open-lightbox=\"yes\" data-elementor-lightbox-slideshow=\"535dbf4\" data-elementor-lightbox-title=\"videaste-mariage-monaco-paca-21\" data-e-action-hash=\"#elementor-action%3Aaction%3Dlightbox%26settings%3DeyJpZCI6NzkzLCJ1cmwiOiJodHRwczpcL1wvbHlwaWN0dXJlcy5mclwvd3AtY29udGVudFwvdXBsb2Fkc1wvMjAyMVwvMDJcL3ZpZGVhc3RlLW1hcmlhZ2UtbW9uYWNvLXBhY2EtMjEuanBnIiwic2xpZGVzaG93IjoiNTM1ZGJmNCJ9\">\n\t\t\t\t\t<div class=\"e-gallery-image elementor-gallery-item__image\" data-thumbnail=\"https:\/\/lypictures.fr\/wp-content\/uploads\/2021\/02\/videaste-mariage-monaco-paca-21-300x200.jpg\" data-width=\"300\" data-height=\"200\" aria-label=\"\" role=\"img\" ><\/div>\n\t\t\t\t\t\t\t\t\t\t\t<div class=\"elementor-gallery-item__overlay\"><\/div>\n\t\t\t\t\t\t\t\t\t\t\t\t\t\t<\/a>\n\t\t\t\t\t<\/div>\n\t\t\t\t\t<\/div>\n\t\t\t\t<\/div>\n\t\t\t\t\t<\/div>\n\t\t<\/div>\n\t\t\t\t\t<\/div>\n\t\t<\/section>\n\t\t\t\t<section class=\"elementor-section elementor-top-section elementor-element elementor-element-79816cf elementor-section-boxed elementor-section-height-default elementor-section-height-default\" data-id=\"79816cf\" data-element_type=\"section\" data-e-type=\"section\">\n\t\t\t\t\t\t<div class=\"elementor-container elementor-column-gap-default\">\n\t\t\t\t\t<div class=\"elementor-column elementor-col-100 elementor-top-column elementor-element elementor-element-afab670\" data-id=\"afab670\" data-element_type=\"column\" data-e-type=\"column\">\n\t\t\t<div class=\"elementor-widget-wrap elementor-element-populated\">\n\t\t\t\t\t\t<div class=\"elementor-element elementor-element-701554a elementor-widget elementor-widget-text-editor\" data-id=\"701554a\" data-element_type=\"widget\" data-e-type=\"widget\" data-widget_type=\"text-editor.default\">\n\t\t\t\t<div class=\"elementor-widget-container\">\n\t\t\t\t\t\t\t\t\t<p>Le samedi 27 juillet \u00e0 la <b>cath\u00e9drale Notre-Dame-Immacul\u00e9e<\/b> de Monaco. Louis souhaite rendre un Hommage \u00e0 ses grands parents <b>Grace Kelly<\/b> et le <b>Prin<\/b>ce Rainier qui s&rsquo;y \u00e9taient unis le 19 avril 1956. Comme le veut la tradition, la mari\u00e9e Marie a d\u00e9pos\u00e9 en offrande \u00e0 l&rsquo;\u00e9glise <b>Sainte-D\u00e9vote<\/b> dans le quartier <b>Giuseppe Vento,<\/b> son bouquet de mari\u00e9e au saint patron de Monaco. Ce fut un grand moment d&rsquo;\u00e9motion&#8230;<\/p>\t\t\t\t\t\t\t\t<\/div>\n\t\t\t\t<\/div>\n\t\t\t\t\t<\/div>\n\t\t<\/div>\n\t\t\t\t\t<\/div>\n\t\t<\/section>\n\t\t\t\t<section class=\"elementor-section elementor-top-section elementor-element elementor-element-5d7a16a elementor-section-boxed elementor-section-height-default elementor-section-height-default\" data-id=\"5d7a16a\" data-element_type=\"section\" data-e-type=\"section\">\n\t\t\t\t\t\t<div class=\"elementor-container elementor-column-gap-default\">\n\t\t\t\t\t<div class=\"elementor-column elementor-col-100 elementor-top-column elementor-element elementor-element-bfe6c37\" data-id=\"bfe6c37\" data-element_type=\"column\" data-e-type=\"column\">\n\t\t\t<div class=\"elementor-widget-wrap elementor-element-populated\">\n\t\t\t\t\t\t<div class=\"elementor-element elementor-element-ac0cba4 elementor-widget elementor-widget-gallery\" data-id=\"ac0cba4\" data-element_type=\"widget\" data-e-type=\"widget\" data-settings=\"{&quot;columns&quot;:3,&quot;lazyload&quot;:&quot;yes&quot;,&quot;gallery_layout&quot;:&quot;grid&quot;,&quot;columns_tablet&quot;:2,&quot;columns_mobile&quot;:1,&quot;gap&quot;:{&quot;unit&quot;:&quot;px&quot;,&quot;size&quot;:10,&quot;sizes&quot;:[]},&quot;gap_tablet&quot;:{&quot;unit&quot;:&quot;px&quot;,&quot;size&quot;:10,&quot;sizes&quot;:[]},&quot;gap_mobile&quot;:{&quot;unit&quot;:&quot;px&quot;,&quot;size&quot;:10,&quot;sizes&quot;:[]},&quot;link_to&quot;:&quot;file&quot;,&quot;aspect_ratio&quot;:&quot;3:2&quot;,&quot;overlay_background&quot;:&quot;yes&quot;,&quot;content_hover_animation&quot;:&quot;fade-in&quot;}\" data-widget_type=\"gallery.default\">\n\t\t\t\t<div class=\"elementor-widget-container\">\n\t\t\t\t\t\t\t<div class=\"elementor-gallery__container\">\n\t\t\t\t\t\t\t<a class=\"e-gallery-item elementor-gallery-item elementor-animated-content\" href=\"https:\/\/lypictures.fr\/wp-content\/uploads\/2021\/02\/videaste-mariage-monaco-paca-32.jpg\" data-elementor-open-lightbox=\"yes\" data-elementor-lightbox-slideshow=\"ac0cba4\" data-elementor-lightbox-title=\"videaste-mariage-monaco-paca-32\" data-e-action-hash=\"#elementor-action%3Aaction%3Dlightbox%26settings%3DeyJpZCI6ODAzLCJ1cmwiOiJodHRwczpcL1wvbHlwaWN0dXJlcy5mclwvd3AtY29udGVudFwvdXBsb2Fkc1wvMjAyMVwvMDJcL3ZpZGVhc3RlLW1hcmlhZ2UtbW9uYWNvLXBhY2EtMzIuanBnIiwic2xpZGVzaG93IjoiYWMwY2JhNCJ9\">\n\t\t\t\t\t<div class=\"e-gallery-image elementor-gallery-item__image\" data-thumbnail=\"https:\/\/lypictures.fr\/wp-content\/uploads\/2021\/02\/videaste-mariage-monaco-paca-32-300x200.jpg\" data-width=\"300\" data-height=\"200\" aria-label=\"\" role=\"img\" ><\/div>\n\t\t\t\t\t\t\t\t\t\t\t<div class=\"elementor-gallery-item__overlay\"><\/div>\n\t\t\t\t\t\t\t\t\t\t\t\t\t\t<\/a>\n\t\t\t\t\t\t\t<a class=\"e-gallery-item elementor-gallery-item elementor-animated-content\" href=\"https:\/\/lypictures.fr\/wp-content\/uploads\/2021\/02\/videaste-mariage-monaco-paca-25.jpg\" data-elementor-open-lightbox=\"yes\" data-elementor-lightbox-slideshow=\"ac0cba4\" data-elementor-lightbox-title=\"videaste-mariage-monaco-paca-25\" data-e-action-hash=\"#elementor-action%3Aaction%3Dlightbox%26settings%3DeyJpZCI6Nzk2LCJ1cmwiOiJodHRwczpcL1wvbHlwaWN0dXJlcy5mclwvd3AtY29udGVudFwvdXBsb2Fkc1wvMjAyMVwvMDJcL3ZpZGVhc3RlLW1hcmlhZ2UtbW9uYWNvLXBhY2EtMjUuanBnIiwic2xpZGVzaG93IjoiYWMwY2JhNCJ9\">\n\t\t\t\t\t<div class=\"e-gallery-image elementor-gallery-item__image\" data-thumbnail=\"https:\/\/lypictures.fr\/wp-content\/uploads\/2021\/02\/videaste-mariage-monaco-paca-25-300x200.jpg\" data-width=\"300\" data-height=\"200\" aria-label=\"videaste mariage provence\" role=\"img\" ><\/div>\n\t\t\t\t\t\t\t\t\t\t\t<div class=\"elementor-gallery-item__overlay\"><\/div>\n\t\t\t\t\t\t\t\t\t\t\t\t\t\t<\/a>\n\t\t\t\t\t\t\t<a class=\"e-gallery-item elementor-gallery-item elementor-animated-content\" href=\"https:\/\/lypictures.fr\/wp-content\/uploads\/2021\/02\/videaste-mariage-monaco-paca-24.jpg\" data-elementor-open-lightbox=\"yes\" data-elementor-lightbox-slideshow=\"ac0cba4\" data-elementor-lightbox-title=\"videaste-mariage-monaco-paca-24\" data-e-action-hash=\"#elementor-action%3Aaction%3Dlightbox%26settings%3DeyJpZCI6Nzk1LCJ1cmwiOiJodHRwczpcL1wvbHlwaWN0dXJlcy5mclwvd3AtY29udGVudFwvdXBsb2Fkc1wvMjAyMVwvMDJcL3ZpZGVhc3RlLW1hcmlhZ2UtbW9uYWNvLXBhY2EtMjQuanBnIiwic2xpZGVzaG93IjoiYWMwY2JhNCJ9\">\n\t\t\t\t\t<div class=\"e-gallery-image elementor-gallery-item__image\" data-thumbnail=\"https:\/\/lypictures.fr\/wp-content\/uploads\/2021\/02\/videaste-mariage-monaco-paca-24-300x200.jpg\" data-width=\"300\" data-height=\"200\" aria-label=\"\" role=\"img\" ><\/div>\n\t\t\t\t\t\t\t\t\t\t\t<div class=\"elementor-gallery-item__overlay\"><\/div>\n\t\t\t\t\t\t\t\t\t\t\t\t\t\t<\/a>\n\t\t\t\t\t\t\t<a class=\"e-gallery-item elementor-gallery-item elementor-animated-content\" href=\"https:\/\/lypictures.fr\/wp-content\/uploads\/2021\/02\/videaste-mariage-monaco-paca-28.jpg\" data-elementor-open-lightbox=\"yes\" data-elementor-lightbox-slideshow=\"ac0cba4\" data-elementor-lightbox-title=\"videaste-mariage-monaco-paca-28\" data-e-action-hash=\"#elementor-action%3Aaction%3Dlightbox%26settings%3DeyJpZCI6Nzk5LCJ1cmwiOiJodHRwczpcL1wvbHlwaWN0dXJlcy5mclwvd3AtY29udGVudFwvdXBsb2Fkc1wvMjAyMVwvMDJcL3ZpZGVhc3RlLW1hcmlhZ2UtbW9uYWNvLXBhY2EtMjguanBnIiwic2xpZGVzaG93IjoiYWMwY2JhNCJ9\">\n\t\t\t\t\t<div class=\"e-gallery-image elementor-gallery-item__image\" data-thumbnail=\"https:\/\/lypictures.fr\/wp-content\/uploads\/2021\/02\/videaste-mariage-monaco-paca-28-300x200.jpg\" data-width=\"300\" data-height=\"200\" aria-label=\"\" role=\"img\" ><\/div>\n\t\t\t\t\t\t\t\t\t\t\t<div class=\"elementor-gallery-item__overlay\"><\/div>\n\t\t\t\t\t\t\t\t\t\t\t\t\t\t<\/a>\n\t\t\t\t\t\t\t<a class=\"e-gallery-item elementor-gallery-item elementor-animated-content\" href=\"https:\/\/lypictures.fr\/wp-content\/uploads\/2021\/02\/videaste-mariage-monaco-paca-29.jpg\" data-elementor-open-lightbox=\"yes\" data-elementor-lightbox-slideshow=\"ac0cba4\" data-elementor-lightbox-title=\"videaste-mariage-monaco-paca-29\" data-e-action-hash=\"#elementor-action%3Aaction%3Dlightbox%26settings%3DeyJpZCI6ODAwLCJ1cmwiOiJodHRwczpcL1wvbHlwaWN0dXJlcy5mclwvd3AtY29udGVudFwvdXBsb2Fkc1wvMjAyMVwvMDJcL3ZpZGVhc3RlLW1hcmlhZ2UtbW9uYWNvLXBhY2EtMjkuanBnIiwic2xpZGVzaG93IjoiYWMwY2JhNCJ9\">\n\t\t\t\t\t<div class=\"e-gallery-image elementor-gallery-item__image\" data-thumbnail=\"https:\/\/lypictures.fr\/wp-content\/uploads\/2021\/02\/videaste-mariage-monaco-paca-29-300x200.jpg\" data-width=\"300\" data-height=\"200\" aria-label=\"\" role=\"img\" ><\/div>\n\t\t\t\t\t\t\t\t\t\t\t<div class=\"elementor-gallery-item__overlay\"><\/div>\n\t\t\t\t\t\t\t\t\t\t\t\t\t\t<\/a>\n\t\t\t\t\t\t\t<a class=\"e-gallery-item elementor-gallery-item elementor-animated-content\" href=\"https:\/\/lypictures.fr\/wp-content\/uploads\/2021\/02\/videaste-mariage-monaco-paca-27.jpg\" data-elementor-open-lightbox=\"yes\" data-elementor-lightbox-slideshow=\"ac0cba4\" data-elementor-lightbox-title=\"videaste-mariage-monaco-paca-27\" data-e-action-hash=\"#elementor-action%3Aaction%3Dlightbox%26settings%3DeyJpZCI6Nzk4LCJ1cmwiOiJodHRwczpcL1wvbHlwaWN0dXJlcy5mclwvd3AtY29udGVudFwvdXBsb2Fkc1wvMjAyMVwvMDJcL3ZpZGVhc3RlLW1hcmlhZ2UtbW9uYWNvLXBhY2EtMjcuanBnIiwic2xpZGVzaG93IjoiYWMwY2JhNCJ9\">\n\t\t\t\t\t<div class=\"e-gallery-image elementor-gallery-item__image\" data-thumbnail=\"https:\/\/lypictures.fr\/wp-content\/uploads\/2021\/02\/videaste-mariage-monaco-paca-27-300x200.jpg\" data-width=\"300\" data-height=\"200\" aria-label=\"\" role=\"img\" ><\/div>\n\t\t\t\t\t\t\t\t\t\t\t<div class=\"elementor-gallery-item__overlay\"><\/div>\n\t\t\t\t\t\t\t\t\t\t\t\t\t\t<\/a>\n\t\t\t\t\t\t\t<a class=\"e-gallery-item elementor-gallery-item elementor-animated-content\" href=\"https:\/\/lypictures.fr\/wp-content\/uploads\/2021\/02\/videaste-mariage-monaco-paca-26.jpg\" data-elementor-open-lightbox=\"yes\" data-elementor-lightbox-slideshow=\"ac0cba4\" data-elementor-lightbox-title=\"videaste-mariage-monaco-paca-26\" data-e-action-hash=\"#elementor-action%3Aaction%3Dlightbox%26settings%3DeyJpZCI6Nzk3LCJ1cmwiOiJodHRwczpcL1wvbHlwaWN0dXJlcy5mclwvd3AtY29udGVudFwvdXBsb2Fkc1wvMjAyMVwvMDJcL3ZpZGVhc3RlLW1hcmlhZ2UtbW9uYWNvLXBhY2EtMjYuanBnIiwic2xpZGVzaG93IjoiYWMwY2JhNCJ9\">\n\t\t\t\t\t<div class=\"e-gallery-image elementor-gallery-item__image\" data-thumbnail=\"https:\/\/lypictures.fr\/wp-content\/uploads\/2021\/02\/videaste-mariage-monaco-paca-26-300x200.jpg\" data-width=\"300\" data-height=\"200\" aria-label=\"\" role=\"img\" ><\/div>\n\t\t\t\t\t\t\t\t\t\t\t<div class=\"elementor-gallery-item__overlay\"><\/div>\n\t\t\t\t\t\t\t\t\t\t\t\t\t\t<\/a>\n\t\t\t\t\t\t\t<a class=\"e-gallery-item elementor-gallery-item elementor-animated-content\" href=\"https:\/\/lypictures.fr\/wp-content\/uploads\/2021\/02\/videaste-mariage-monaco-paca-30.jpg\" data-elementor-open-lightbox=\"yes\" data-elementor-lightbox-slideshow=\"ac0cba4\" data-elementor-lightbox-title=\"videaste-mariage-monaco-paca-30\" data-e-action-hash=\"#elementor-action%3Aaction%3Dlightbox%26settings%3DeyJpZCI6ODAxLCJ1cmwiOiJodHRwczpcL1wvbHlwaWN0dXJlcy5mclwvd3AtY29udGVudFwvdXBsb2Fkc1wvMjAyMVwvMDJcL3ZpZGVhc3RlLW1hcmlhZ2UtbW9uYWNvLXBhY2EtMzAuanBnIiwic2xpZGVzaG93IjoiYWMwY2JhNCJ9\">\n\t\t\t\t\t<div class=\"e-gallery-image elementor-gallery-item__image\" data-thumbnail=\"https:\/\/lypictures.fr\/wp-content\/uploads\/2021\/02\/videaste-mariage-monaco-paca-30-247x300.jpg\" data-width=\"247\" data-height=\"300\" aria-label=\"\" role=\"img\" ><\/div>\n\t\t\t\t\t\t\t\t\t\t\t<div class=\"elementor-gallery-item__overlay\"><\/div>\n\t\t\t\t\t\t\t\t\t\t\t\t\t\t<\/a>\n\t\t\t\t\t\t\t<a class=\"e-gallery-item elementor-gallery-item elementor-animated-content\" href=\"https:\/\/lypictures.fr\/wp-content\/uploads\/2021\/02\/videaste-mariage-monaco-paca-31.jpg\" data-elementor-open-lightbox=\"yes\" data-elementor-lightbox-slideshow=\"ac0cba4\" data-elementor-lightbox-title=\"videaste-mariage-monaco-paca-31\" data-e-action-hash=\"#elementor-action%3Aaction%3Dlightbox%26settings%3DeyJpZCI6ODAyLCJ1cmwiOiJodHRwczpcL1wvbHlwaWN0dXJlcy5mclwvd3AtY29udGVudFwvdXBsb2Fkc1wvMjAyMVwvMDJcL3ZpZGVhc3RlLW1hcmlhZ2UtbW9uYWNvLXBhY2EtMzEuanBnIiwic2xpZGVzaG93IjoiYWMwY2JhNCJ9\">\n\t\t\t\t\t<div class=\"e-gallery-image elementor-gallery-item__image\" data-thumbnail=\"https:\/\/lypictures.fr\/wp-content\/uploads\/2021\/02\/videaste-mariage-monaco-paca-31-300x284.jpg\" data-width=\"300\" data-height=\"284\" aria-label=\"\" role=\"img\" ><\/div>\n\t\t\t\t\t\t\t\t\t\t\t<div class=\"elementor-gallery-item__overlay\"><\/div>\n\t\t\t\t\t\t\t\t\t\t\t\t\t\t<\/a>\n\t\t\t\t\t\t\t<a class=\"e-gallery-item elementor-gallery-item elementor-animated-content\" href=\"https:\/\/lypictures.fr\/wp-content\/uploads\/2021\/02\/videaste-mariage-monaco-paca-33.jpg\" data-elementor-open-lightbox=\"yes\" data-elementor-lightbox-slideshow=\"ac0cba4\" data-elementor-lightbox-title=\"videaste-mariage-monaco-paca-33\" data-e-action-hash=\"#elementor-action%3Aaction%3Dlightbox%26settings%3DeyJpZCI6ODA0LCJ1cmwiOiJodHRwczpcL1wvbHlwaWN0dXJlcy5mclwvd3AtY29udGVudFwvdXBsb2Fkc1wvMjAyMVwvMDJcL3ZpZGVhc3RlLW1hcmlhZ2UtbW9uYWNvLXBhY2EtMzMuanBnIiwic2xpZGVzaG93IjoiYWMwY2JhNCJ9\">\n\t\t\t\t\t<div class=\"e-gallery-image elementor-gallery-item__image\" data-thumbnail=\"https:\/\/lypictures.fr\/wp-content\/uploads\/2021\/02\/videaste-mariage-monaco-paca-33-200x300.jpg\" data-width=\"200\" data-height=\"300\" aria-label=\"\" role=\"img\" ><\/div>\n\t\t\t\t\t\t\t\t\t\t\t<div class=\"elementor-gallery-item__overlay\"><\/div>\n\t\t\t\t\t\t\t\t\t\t\t\t\t\t<\/a>\n\t\t\t\t\t\t\t<a class=\"e-gallery-item elementor-gallery-item elementor-animated-content\" href=\"https:\/\/lypictures.fr\/wp-content\/uploads\/2021\/02\/videaste-mariage-monaco-paca-36.jpg\" data-elementor-open-lightbox=\"yes\" data-elementor-lightbox-slideshow=\"ac0cba4\" data-elementor-lightbox-title=\"videaste-mariage-monaco-paca-36\" data-e-action-hash=\"#elementor-action%3Aaction%3Dlightbox%26settings%3DeyJpZCI6ODA3LCJ1cmwiOiJodHRwczpcL1wvbHlwaWN0dXJlcy5mclwvd3AtY29udGVudFwvdXBsb2Fkc1wvMjAyMVwvMDJcL3ZpZGVhc3RlLW1hcmlhZ2UtbW9uYWNvLXBhY2EtMzYuanBnIiwic2xpZGVzaG93IjoiYWMwY2JhNCJ9\">\n\t\t\t\t\t<div class=\"e-gallery-image elementor-gallery-item__image\" data-thumbnail=\"https:\/\/lypictures.fr\/wp-content\/uploads\/2021\/02\/videaste-mariage-monaco-paca-36-200x300.jpg\" data-width=\"200\" data-height=\"300\" aria-label=\"\" role=\"img\" ><\/div>\n\t\t\t\t\t\t\t\t\t\t\t<div class=\"elementor-gallery-item__overlay\"><\/div>\n\t\t\t\t\t\t\t\t\t\t\t\t\t\t<\/a>\n\t\t\t\t\t\t\t<a class=\"e-gallery-item elementor-gallery-item elementor-animated-content\" href=\"https:\/\/lypictures.fr\/wp-content\/uploads\/2021\/02\/videaste-mariage-monaco-paca-35.jpg\" data-elementor-open-lightbox=\"yes\" data-elementor-lightbox-slideshow=\"ac0cba4\" data-elementor-lightbox-title=\"videaste-mariage-monaco-paca-35\" data-e-action-hash=\"#elementor-action%3Aaction%3Dlightbox%26settings%3DeyJpZCI6ODA2LCJ1cmwiOiJodHRwczpcL1wvbHlwaWN0dXJlcy5mclwvd3AtY29udGVudFwvdXBsb2Fkc1wvMjAyMVwvMDJcL3ZpZGVhc3RlLW1hcmlhZ2UtbW9uYWNvLXBhY2EtMzUuanBnIiwic2xpZGVzaG93IjoiYWMwY2JhNCJ9\">\n\t\t\t\t\t<div class=\"e-gallery-image elementor-gallery-item__image\" data-thumbnail=\"https:\/\/lypictures.fr\/wp-content\/uploads\/2021\/02\/videaste-mariage-monaco-paca-35-300x200.jpg\" data-width=\"300\" data-height=\"200\" aria-label=\"\" role=\"img\" ><\/div>\n\t\t\t\t\t\t\t\t\t\t\t<div class=\"elementor-gallery-item__overlay\"><\/div>\n\t\t\t\t\t\t\t\t\t\t\t\t\t\t<\/a>\n\t\t\t\t\t\t\t<a class=\"e-gallery-item elementor-gallery-item elementor-animated-content\" href=\"https:\/\/lypictures.fr\/wp-content\/uploads\/2021\/02\/videaste-mariage-monaco-paca-34.jpg\" data-elementor-open-lightbox=\"yes\" data-elementor-lightbox-slideshow=\"ac0cba4\" data-elementor-lightbox-title=\"videaste-mariage-monaco-paca-34\" data-e-action-hash=\"#elementor-action%3Aaction%3Dlightbox%26settings%3DeyJpZCI6ODA1LCJ1cmwiOiJodHRwczpcL1wvbHlwaWN0dXJlcy5mclwvd3AtY29udGVudFwvdXBsb2Fkc1wvMjAyMVwvMDJcL3ZpZGVhc3RlLW1hcmlhZ2UtbW9uYWNvLXBhY2EtMzQuanBnIiwic2xpZGVzaG93IjoiYWMwY2JhNCJ9\">\n\t\t\t\t\t<div class=\"e-gallery-image elementor-gallery-item__image\" data-thumbnail=\"https:\/\/lypictures.fr\/wp-content\/uploads\/2021\/02\/videaste-mariage-monaco-paca-34-200x300.jpg\" data-width=\"200\" data-height=\"300\" aria-label=\"\" role=\"img\" ><\/div>\n\t\t\t\t\t\t\t\t\t\t\t<div class=\"elementor-gallery-item__overlay\"><\/div>\n\t\t\t\t\t\t\t\t\t\t\t\t\t\t<\/a>\n\t\t\t\t\t\t\t<a class=\"e-gallery-item elementor-gallery-item elementor-animated-content\" href=\"https:\/\/lypictures.fr\/wp-content\/uploads\/2021\/02\/videaste-mariage-monaco-paca-37.jpg\" data-elementor-open-lightbox=\"yes\" data-elementor-lightbox-slideshow=\"ac0cba4\" data-elementor-lightbox-title=\"videaste-mariage-monaco-paca-37\" data-e-action-hash=\"#elementor-action%3Aaction%3Dlightbox%26settings%3DeyJpZCI6ODA4LCJ1cmwiOiJodHRwczpcL1wvbHlwaWN0dXJlcy5mclwvd3AtY29udGVudFwvdXBsb2Fkc1wvMjAyMVwvMDJcL3ZpZGVhc3RlLW1hcmlhZ2UtbW9uYWNvLXBhY2EtMzcuanBnIiwic2xpZGVzaG93IjoiYWMwY2JhNCJ9\">\n\t\t\t\t\t<div class=\"e-gallery-image elementor-gallery-item__image\" data-thumbnail=\"https:\/\/lypictures.fr\/wp-content\/uploads\/2021\/02\/videaste-mariage-monaco-paca-37-200x300.jpg\" data-width=\"200\" data-height=\"300\" aria-label=\"\" role=\"img\" ><\/div>\n\t\t\t\t\t\t\t\t\t\t\t<div class=\"elementor-gallery-item__overlay\"><\/div>\n\t\t\t\t\t\t\t\t\t\t\t\t\t\t<\/a>\n\t\t\t\t\t\t\t<a class=\"e-gallery-item elementor-gallery-item elementor-animated-content\" href=\"https:\/\/lypictures.fr\/wp-content\/uploads\/2021\/02\/videaste-mariage-monaco-paca-38.jpg\" data-elementor-open-lightbox=\"yes\" data-elementor-lightbox-slideshow=\"ac0cba4\" data-elementor-lightbox-title=\"videaste-mariage-monaco-paca-38\" data-e-action-hash=\"#elementor-action%3Aaction%3Dlightbox%26settings%3DeyJpZCI6ODA5LCJ1cmwiOiJodHRwczpcL1wvbHlwaWN0dXJlcy5mclwvd3AtY29udGVudFwvdXBsb2Fkc1wvMjAyMVwvMDJcL3ZpZGVhc3RlLW1hcmlhZ2UtbW9uYWNvLXBhY2EtMzguanBnIiwic2xpZGVzaG93IjoiYWMwY2JhNCJ9\">\n\t\t\t\t\t<div class=\"e-gallery-image elementor-gallery-item__image\" data-thumbnail=\"https:\/\/lypictures.fr\/wp-content\/uploads\/2021\/02\/videaste-mariage-monaco-paca-38-300x200.jpg\" data-width=\"300\" data-height=\"200\" aria-label=\"\" role=\"img\" ><\/div>\n\t\t\t\t\t\t\t\t\t\t\t<div class=\"elementor-gallery-item__overlay\"><\/div>\n\t\t\t\t\t\t\t\t\t\t\t\t\t\t<\/a>\n\t\t\t\t\t<\/div>\n\t\t\t\t\t<\/div>\n\t\t\t\t<\/div>\n\t\t\t\t\t<\/div>\n\t\t<\/div>\n\t\t\t\t\t<\/div>\n\t\t<\/section>\n\t\t\t\t<section class=\"elementor-section elementor-top-section elementor-element elementor-element-55d78c1 elementor-section-boxed elementor-section-height-default elementor-section-height-default\" data-id=\"55d78c1\" data-element_type=\"section\" data-e-type=\"section\">\n\t\t\t\t\t\t<div class=\"elementor-container elementor-column-gap-default\">\n\t\t\t\t\t<div class=\"elementor-column elementor-col-100 elementor-top-column elementor-element elementor-element-b5616fe\" data-id=\"b5616fe\" data-element_type=\"column\" data-e-type=\"column\">\n\t\t\t<div class=\"elementor-widget-wrap elementor-element-populated\">\n\t\t\t\t\t\t<div class=\"elementor-element elementor-element-e7d018a elementor-widget elementor-widget-text-editor\" data-id=\"e7d018a\" data-element_type=\"widget\" data-e-type=\"widget\" data-widget_type=\"text-editor.default\">\n\t\t\t\t<div class=\"elementor-widget-container\">\n\t\t\t\t\t\t\t\t\t<p>C&rsquo;est avec peu de \u00ab\u00a0soleil liquide\u00a0\u00bb comme l&rsquo;avait soulign\u00e9 avec l\u00e9g\u00e8ret\u00e9 le <strong>Prince Albert<\/strong> lors de ses v\u0153ux aux mari\u00e9s que la soir\u00e9e c&rsquo;est d\u00e9roul\u00e9e au <a href=\"https:\/\/www.montecarlosbm.com\/en\/hotel-monaco\/monte-carlo-beach\" target=\"_blank\" rel=\"noopener\">Monte-Carlo Beach<\/a> entour\u00e9 des gens qu&rsquo;ils aiment !<\/p>\t\t\t\t\t\t\t\t<\/div>\n\t\t\t\t<\/div>\n\t\t\t\t<div class=\"elementor-element elementor-element-7faf806 elementor-widget elementor-widget-heading\" data-id=\"7faf806\" data-element_type=\"widget\" data-e-type=\"widget\" data-widget_type=\"heading.default\">\n\t\t\t\t<div class=\"elementor-widget-container\">\n\t\t\t\t\t<h3 class=\"elementor-heading-title elementor-size-default\">Le mariage de Louis et Marie Ducruet<\/h3>\t\t\t\t<\/div>\n\t\t\t\t<\/div>\n\t\t\t\t\t<\/div>\n\t\t<\/div>\n\t\t\t\t\t<\/div>\n\t\t<\/section>\n\t\t\t\t<section class=\"elementor-section elementor-top-section elementor-element elementor-element-51be375 elementor-section-boxed elementor-section-height-default elementor-section-height-default\" data-id=\"51be375\" data-element_type=\"section\" data-e-type=\"section\">\n\t\t\t\t\t\t<div class=\"elementor-container elementor-column-gap-default\">\n\t\t\t\t\t<div class=\"elementor-column elementor-col-100 elementor-top-column elementor-element elementor-element-c5203ac\" data-id=\"c5203ac\" data-element_type=\"column\" data-e-type=\"column\">\n\t\t\t<div class=\"elementor-widget-wrap elementor-element-populated\">\n\t\t\t\t\t\t<div class=\"elementor-element elementor-element-401d682 elementor-widget elementor-widget-gallery\" data-id=\"401d682\" data-element_type=\"widget\" data-e-type=\"widget\" data-settings=\"{&quot;gallery_layout&quot;:&quot;justified&quot;,&quot;lazyload&quot;:&quot;yes&quot;,&quot;ideal_row_height&quot;:{&quot;unit&quot;:&quot;px&quot;,&quot;size&quot;:200,&quot;sizes&quot;:[]},&quot;ideal_row_height_tablet&quot;:{&quot;unit&quot;:&quot;px&quot;,&quot;size&quot;:150,&quot;sizes&quot;:[]},&quot;ideal_row_height_mobile&quot;:{&quot;unit&quot;:&quot;px&quot;,&quot;size&quot;:150,&quot;sizes&quot;:[]},&quot;gap&quot;:{&quot;unit&quot;:&quot;px&quot;,&quot;size&quot;:10,&quot;sizes&quot;:[]},&quot;gap_tablet&quot;:{&quot;unit&quot;:&quot;px&quot;,&quot;size&quot;:10,&quot;sizes&quot;:[]},&quot;gap_mobile&quot;:{&quot;unit&quot;:&quot;px&quot;,&quot;size&quot;:10,&quot;sizes&quot;:[]},&quot;link_to&quot;:&quot;file&quot;,&quot;overlay_background&quot;:&quot;yes&quot;,&quot;content_hover_animation&quot;:&quot;fade-in&quot;}\" data-widget_type=\"gallery.default\">\n\t\t\t\t<div class=\"elementor-widget-container\">\n\t\t\t\t\t\t\t<div class=\"elementor-gallery__container\">\n\t\t\t\t\t\t\t<a class=\"e-gallery-item elementor-gallery-item elementor-animated-content\" href=\"https:\/\/lypictures.fr\/wp-content\/uploads\/2021\/02\/videaste-mariage-monaco-paca-41.jpg\" data-elementor-open-lightbox=\"yes\" data-elementor-lightbox-slideshow=\"401d682\" data-elementor-lightbox-title=\"videaste-mariage-monaco-paca-41\" data-e-action-hash=\"#elementor-action%3Aaction%3Dlightbox%26settings%3DeyJpZCI6ODEyLCJ1cmwiOiJodHRwczpcL1wvbHlwaWN0dXJlcy5mclwvd3AtY29udGVudFwvdXBsb2Fkc1wvMjAyMVwvMDJcL3ZpZGVhc3RlLW1hcmlhZ2UtbW9uYWNvLXBhY2EtNDEuanBnIiwic2xpZGVzaG93IjoiNDAxZDY4MiJ9\">\n\t\t\t\t\t<div class=\"e-gallery-image elementor-gallery-item__image\" data-thumbnail=\"https:\/\/lypictures.fr\/wp-content\/uploads\/2021\/02\/videaste-mariage-monaco-paca-41-300x200.jpg\" data-width=\"300\" data-height=\"200\" aria-label=\"\" role=\"img\" ><\/div>\n\t\t\t\t\t\t\t\t\t\t\t<div class=\"elementor-gallery-item__overlay\"><\/div>\n\t\t\t\t\t\t\t\t\t\t\t\t\t\t<\/a>\n\t\t\t\t\t\t\t<a class=\"e-gallery-item elementor-gallery-item elementor-animated-content\" href=\"https:\/\/lypictures.fr\/wp-content\/uploads\/2021\/02\/videaste-mariage-monaco-paca-39.jpg\" data-elementor-open-lightbox=\"yes\" data-elementor-lightbox-slideshow=\"401d682\" data-elementor-lightbox-title=\"videaste-mariage-monaco-paca-39\" data-e-action-hash=\"#elementor-action%3Aaction%3Dlightbox%26settings%3DeyJpZCI6ODEwLCJ1cmwiOiJodHRwczpcL1wvbHlwaWN0dXJlcy5mclwvd3AtY29udGVudFwvdXBsb2Fkc1wvMjAyMVwvMDJcL3ZpZGVhc3RlLW1hcmlhZ2UtbW9uYWNvLXBhY2EtMzkuanBnIiwic2xpZGVzaG93IjoiNDAxZDY4MiJ9\">\n\t\t\t\t\t<div class=\"e-gallery-image elementor-gallery-item__image\" data-thumbnail=\"https:\/\/lypictures.fr\/wp-content\/uploads\/2021\/02\/videaste-mariage-monaco-paca-39-300x200.jpg\" data-width=\"300\" data-height=\"200\" aria-label=\"\" role=\"img\" ><\/div>\n\t\t\t\t\t\t\t\t\t\t\t<div class=\"elementor-gallery-item__overlay\"><\/div>\n\t\t\t\t\t\t\t\t\t\t\t\t\t\t<\/a>\n\t\t\t\t\t\t\t<a class=\"e-gallery-item elementor-gallery-item elementor-animated-content\" href=\"https:\/\/lypictures.fr\/wp-content\/uploads\/2021\/02\/videaste-mariage-monaco-paca-43.jpg\" data-elementor-open-lightbox=\"yes\" data-elementor-lightbox-slideshow=\"401d682\" data-elementor-lightbox-title=\"videaste-mariage-monaco-paca-43\" data-e-action-hash=\"#elementor-action%3Aaction%3Dlightbox%26settings%3DeyJpZCI6ODE0LCJ1cmwiOiJodHRwczpcL1wvbHlwaWN0dXJlcy5mclwvd3AtY29udGVudFwvdXBsb2Fkc1wvMjAyMVwvMDJcL3ZpZGVhc3RlLW1hcmlhZ2UtbW9uYWNvLXBhY2EtNDMuanBnIiwic2xpZGVzaG93IjoiNDAxZDY4MiJ9\">\n\t\t\t\t\t<div class=\"e-gallery-image elementor-gallery-item__image\" data-thumbnail=\"https:\/\/lypictures.fr\/wp-content\/uploads\/2021\/02\/videaste-mariage-monaco-paca-43-300x200.jpg\" data-width=\"300\" data-height=\"200\" aria-label=\"\" role=\"img\" ><\/div>\n\t\t\t\t\t\t\t\t\t\t\t<div class=\"elementor-gallery-item__overlay\"><\/div>\n\t\t\t\t\t\t\t\t\t\t\t\t\t\t<\/a>\n\t\t\t\t\t\t\t<a class=\"e-gallery-item elementor-gallery-item elementor-animated-content\" href=\"https:\/\/lypictures.fr\/wp-content\/uploads\/2021\/02\/videaste-mariage-monaco-paca-44.jpg\" data-elementor-open-lightbox=\"yes\" data-elementor-lightbox-slideshow=\"401d682\" data-elementor-lightbox-title=\"videaste-mariage-monaco-paca-44\" data-e-action-hash=\"#elementor-action%3Aaction%3Dlightbox%26settings%3DeyJpZCI6ODE1LCJ1cmwiOiJodHRwczpcL1wvbHlwaWN0dXJlcy5mclwvd3AtY29udGVudFwvdXBsb2Fkc1wvMjAyMVwvMDJcL3ZpZGVhc3RlLW1hcmlhZ2UtbW9uYWNvLXBhY2EtNDQuanBnIiwic2xpZGVzaG93IjoiNDAxZDY4MiJ9\">\n\t\t\t\t\t<div class=\"e-gallery-image elementor-gallery-item__image\" data-thumbnail=\"https:\/\/lypictures.fr\/wp-content\/uploads\/2021\/02\/videaste-mariage-monaco-paca-44-300x200.jpg\" data-width=\"300\" data-height=\"200\" aria-label=\"\" role=\"img\" ><\/div>\n\t\t\t\t\t\t\t\t\t\t\t<div class=\"elementor-gallery-item__overlay\"><\/div>\n\t\t\t\t\t\t\t\t\t\t\t\t\t\t<\/a>\n\t\t\t\t\t\t\t<a class=\"e-gallery-item elementor-gallery-item elementor-animated-content\" href=\"https:\/\/lypictures.fr\/wp-content\/uploads\/2021\/02\/videaste-mariage-monaco-paca-45.jpg\" data-elementor-open-lightbox=\"yes\" data-elementor-lightbox-slideshow=\"401d682\" data-elementor-lightbox-title=\"videaste-mariage-monaco-paca-45\" data-e-action-hash=\"#elementor-action%3Aaction%3Dlightbox%26settings%3DeyJpZCI6ODE2LCJ1cmwiOiJodHRwczpcL1wvbHlwaWN0dXJlcy5mclwvd3AtY29udGVudFwvdXBsb2Fkc1wvMjAyMVwvMDJcL3ZpZGVhc3RlLW1hcmlhZ2UtbW9uYWNvLXBhY2EtNDUuanBnIiwic2xpZGVzaG93IjoiNDAxZDY4MiJ9\">\n\t\t\t\t\t<div class=\"e-gallery-image elementor-gallery-item__image\" data-thumbnail=\"https:\/\/lypictures.fr\/wp-content\/uploads\/2021\/02\/videaste-mariage-monaco-paca-45-300x200.jpg\" data-width=\"300\" data-height=\"200\" aria-label=\"\" role=\"img\" ><\/div>\n\t\t\t\t\t\t\t\t\t\t\t<div class=\"elementor-gallery-item__overlay\"><\/div>\n\t\t\t\t\t\t\t\t\t\t\t\t\t\t<\/a>\n\t\t\t\t\t\t\t<a class=\"e-gallery-item elementor-gallery-item elementor-animated-content\" href=\"https:\/\/lypictures.fr\/wp-content\/uploads\/2021\/02\/videaste-mariage-monaco-paca-46.jpg\" data-elementor-open-lightbox=\"yes\" data-elementor-lightbox-slideshow=\"401d682\" data-elementor-lightbox-title=\"videaste-mariage-monaco-paca-46\" data-e-action-hash=\"#elementor-action%3Aaction%3Dlightbox%26settings%3DeyJpZCI6ODE3LCJ1cmwiOiJodHRwczpcL1wvbHlwaWN0dXJlcy5mclwvd3AtY29udGVudFwvdXBsb2Fkc1wvMjAyMVwvMDJcL3ZpZGVhc3RlLW1hcmlhZ2UtbW9uYWNvLXBhY2EtNDYuanBnIiwic2xpZGVzaG93IjoiNDAxZDY4MiJ9\">\n\t\t\t\t\t<div class=\"e-gallery-image elementor-gallery-item__image\" data-thumbnail=\"https:\/\/lypictures.fr\/wp-content\/uploads\/2021\/02\/videaste-mariage-monaco-paca-46-300x200.jpg\" data-width=\"300\" data-height=\"200\" aria-label=\"\" role=\"img\" ><\/div>\n\t\t\t\t\t\t\t\t\t\t\t<div class=\"elementor-gallery-item__overlay\"><\/div>\n\t\t\t\t\t\t\t\t\t\t\t\t\t\t<\/a>\n\t\t\t\t\t\t\t<a class=\"e-gallery-item elementor-gallery-item elementor-animated-content\" href=\"https:\/\/lypictures.fr\/wp-content\/uploads\/2021\/02\/videaste-mariage-monaco-paca-47.jpg\" data-elementor-open-lightbox=\"yes\" data-elementor-lightbox-slideshow=\"401d682\" data-elementor-lightbox-title=\"videaste-mariage-monaco-paca-47\" data-e-action-hash=\"#elementor-action%3Aaction%3Dlightbox%26settings%3DeyJpZCI6ODE4LCJ1cmwiOiJodHRwczpcL1wvbHlwaWN0dXJlcy5mclwvd3AtY29udGVudFwvdXBsb2Fkc1wvMjAyMVwvMDJcL3ZpZGVhc3RlLW1hcmlhZ2UtbW9uYWNvLXBhY2EtNDcuanBnIiwic2xpZGVzaG93IjoiNDAxZDY4MiJ9\">\n\t\t\t\t\t<div class=\"e-gallery-image elementor-gallery-item__image\" data-thumbnail=\"https:\/\/lypictures.fr\/wp-content\/uploads\/2021\/02\/videaste-mariage-monaco-paca-47-300x200.jpg\" data-width=\"300\" data-height=\"200\" aria-label=\"\" role=\"img\" ><\/div>\n\t\t\t\t\t\t\t\t\t\t\t<div class=\"elementor-gallery-item__overlay\"><\/div>\n\t\t\t\t\t\t\t\t\t\t\t\t\t\t<\/a>\n\t\t\t\t\t<\/div>\n\t\t\t\t\t<\/div>\n\t\t\t\t<\/div>\n\t\t\t\t\t<\/div>\n\t\t<\/div>\n\t\t\t\t\t<\/div>\n\t\t<\/section>\n\t\t\t\t<section class=\"elementor-section elementor-top-section elementor-element elementor-element-199f68a elementor-section-boxed elementor-section-height-default elementor-section-height-default\" data-id=\"199f68a\" data-element_type=\"section\" data-e-type=\"section\">\n\t\t\t\t\t\t<div class=\"elementor-container elementor-column-gap-default\">\n\t\t\t\t\t<div class=\"elementor-column elementor-col-100 elementor-top-column elementor-element elementor-element-ab717b9\" data-id=\"ab717b9\" data-element_type=\"column\" data-e-type=\"column\">\n\t\t\t<div class=\"elementor-widget-wrap elementor-element-populated\">\n\t\t\t\t\t\t<div class=\"elementor-element elementor-element-df6591e elementor-widget elementor-widget-text-editor\" data-id=\"df6591e\" data-element_type=\"widget\" data-e-type=\"widget\" data-widget_type=\"text-editor.default\">\n\t\t\t\t<div class=\"elementor-widget-container\">\n\t\t\t\t\t\t\t\t\t<p>Une exp\u00e9rience unique pour les photographes et vid\u00e9astes de mariage que nous sommes! Nous les remercions pour la confiance qu&rsquo;ils nous ont accord\u00e9.<\/p>\t\t\t\t\t\t\t\t<\/div>\n\t\t\t\t<\/div>\n\t\t\t\t\t<\/div>\n\t\t<\/div>\n\t\t\t\t\t<\/div>\n\t\t<\/section>\n\t\t\t\t<section class=\"elementor-section elementor-top-section elementor-element elementor-element-a28bf89 elementor-section-boxed elementor-section-height-default elementor-section-height-default\" data-id=\"a28bf89\" data-element_type=\"section\" data-e-type=\"section\">\n\t\t\t\t\t\t<div class=\"elementor-container elementor-column-gap-default\">\n\t\t\t\t\t<div class=\"elementor-column elementor-col-100 elementor-top-column elementor-element elementor-element-1066ca1\" data-id=\"1066ca1\" data-element_type=\"column\" data-e-type=\"column\">\n\t\t\t<div class=\"elementor-widget-wrap elementor-element-populated\">\n\t\t\t\t\t\t<div class=\"elementor-element elementor-element-7d870c7 elementor-widget elementor-widget-gallery\" data-id=\"7d870c7\" data-element_type=\"widget\" data-e-type=\"widget\" data-settings=\"{&quot;gallery_layout&quot;:&quot;justified&quot;,&quot;lazyload&quot;:&quot;yes&quot;,&quot;ideal_row_height&quot;:{&quot;unit&quot;:&quot;px&quot;,&quot;size&quot;:200,&quot;sizes&quot;:[]},&quot;ideal_row_height_tablet&quot;:{&quot;unit&quot;:&quot;px&quot;,&quot;size&quot;:150,&quot;sizes&quot;:[]},&quot;ideal_row_height_mobile&quot;:{&quot;unit&quot;:&quot;px&quot;,&quot;size&quot;:150,&quot;sizes&quot;:[]},&quot;gap&quot;:{&quot;unit&quot;:&quot;px&quot;,&quot;size&quot;:10,&quot;sizes&quot;:[]},&quot;gap_tablet&quot;:{&quot;unit&quot;:&quot;px&quot;,&quot;size&quot;:10,&quot;sizes&quot;:[]},&quot;gap_mobile&quot;:{&quot;unit&quot;:&quot;px&quot;,&quot;size&quot;:10,&quot;sizes&quot;:[]},&quot;link_to&quot;:&quot;file&quot;,&quot;overlay_background&quot;:&quot;yes&quot;,&quot;content_hover_animation&quot;:&quot;fade-in&quot;}\" data-widget_type=\"gallery.default\">\n\t\t\t\t<div class=\"elementor-widget-container\">\n\t\t\t\t\t\t\t<div class=\"elementor-gallery__container\">\n\t\t\t\t\t\t\t<a class=\"e-gallery-item elementor-gallery-item elementor-animated-content\" href=\"https:\/\/lypictures.fr\/wp-content\/uploads\/2021\/02\/videaste-mariage-monaco-paca-19.jpg\" data-elementor-open-lightbox=\"yes\" data-elementor-lightbox-slideshow=\"7d870c7\" data-elementor-lightbox-title=\"videaste-mariage-monaco-paca-19\" data-e-action-hash=\"#elementor-action%3Aaction%3Dlightbox%26settings%3DeyJpZCI6NzkxLCJ1cmwiOiJodHRwczpcL1wvbHlwaWN0dXJlcy5mclwvd3AtY29udGVudFwvdXBsb2Fkc1wvMjAyMVwvMDJcL3ZpZGVhc3RlLW1hcmlhZ2UtbW9uYWNvLXBhY2EtMTkuanBnIiwic2xpZGVzaG93IjoiN2Q4NzBjNyJ9\">\n\t\t\t\t\t<div class=\"e-gallery-image elementor-gallery-item__image\" data-thumbnail=\"https:\/\/lypictures.fr\/wp-content\/uploads\/2021\/02\/videaste-mariage-monaco-paca-19-300x200.jpg\" data-width=\"300\" data-height=\"200\" aria-label=\"\" role=\"img\" ><\/div>\n\t\t\t\t\t\t\t\t\t\t\t<div class=\"elementor-gallery-item__overlay\"><\/div>\n\t\t\t\t\t\t\t\t\t\t\t\t\t\t<\/a>\n\t\t\t\t\t\t\t<a class=\"e-gallery-item elementor-gallery-item elementor-animated-content\" href=\"https:\/\/lypictures.fr\/wp-content\/uploads\/2021\/02\/videaste-mariage-monaco-paca-20.jpg\" data-elementor-open-lightbox=\"yes\" data-elementor-lightbox-slideshow=\"7d870c7\" data-elementor-lightbox-title=\"videaste-mariage-monaco-paca-20\" data-e-action-hash=\"#elementor-action%3Aaction%3Dlightbox%26settings%3DeyJpZCI6NzkyLCJ1cmwiOiJodHRwczpcL1wvbHlwaWN0dXJlcy5mclwvd3AtY29udGVudFwvdXBsb2Fkc1wvMjAyMVwvMDJcL3ZpZGVhc3RlLW1hcmlhZ2UtbW9uYWNvLXBhY2EtMjAuanBnIiwic2xpZGVzaG93IjoiN2Q4NzBjNyJ9\">\n\t\t\t\t\t<div class=\"e-gallery-image elementor-gallery-item__image\" data-thumbnail=\"https:\/\/lypictures.fr\/wp-content\/uploads\/2021\/02\/videaste-mariage-monaco-paca-20-200x300.jpg\" data-width=\"200\" data-height=\"300\" aria-label=\"\" role=\"img\" ><\/div>\n\t\t\t\t\t\t\t\t\t\t\t<div class=\"elementor-gallery-item__overlay\"><\/div>\n\t\t\t\t\t\t\t\t\t\t\t\t\t\t<\/a>\n\t\t\t\t\t\t\t<a class=\"e-gallery-item elementor-gallery-item elementor-animated-content\" href=\"https:\/\/lypictures.fr\/wp-content\/uploads\/2021\/02\/videaste-mariage-monaco-paca-12.jpg\" data-elementor-open-lightbox=\"yes\" data-elementor-lightbox-slideshow=\"7d870c7\" data-elementor-lightbox-title=\"videaste-mariage-monaco-paca-12\" data-e-action-hash=\"#elementor-action%3Aaction%3Dlightbox%26settings%3DeyJpZCI6Nzg0LCJ1cmwiOiJodHRwczpcL1wvbHlwaWN0dXJlcy5mclwvd3AtY29udGVudFwvdXBsb2Fkc1wvMjAyMVwvMDJcL3ZpZGVhc3RlLW1hcmlhZ2UtbW9uYWNvLXBhY2EtMTIuanBnIiwic2xpZGVzaG93IjoiN2Q4NzBjNyJ9\">\n\t\t\t\t\t<div class=\"e-gallery-image elementor-gallery-item__image\" data-thumbnail=\"https:\/\/lypictures.fr\/wp-content\/uploads\/2021\/02\/videaste-mariage-monaco-paca-12-200x300.jpg\" data-width=\"200\" data-height=\"300\" aria-label=\"\" role=\"img\" ><\/div>\n\t\t\t\t\t\t\t\t\t\t\t<div class=\"elementor-gallery-item__overlay\"><\/div>\n\t\t\t\t\t\t\t\t\t\t\t\t\t\t<\/a>\n\t\t\t\t\t\t\t<a class=\"e-gallery-item elementor-gallery-item elementor-animated-content\" href=\"https:\/\/lypictures.fr\/wp-content\/uploads\/2021\/02\/videaste-mariage-monaco-paca-18.jpg\" data-elementor-open-lightbox=\"yes\" data-elementor-lightbox-slideshow=\"7d870c7\" data-elementor-lightbox-title=\"videaste-mariage-monaco-paca-18\" data-e-action-hash=\"#elementor-action%3Aaction%3Dlightbox%26settings%3DeyJpZCI6NzkwLCJ1cmwiOiJodHRwczpcL1wvbHlwaWN0dXJlcy5mclwvd3AtY29udGVudFwvdXBsb2Fkc1wvMjAyMVwvMDJcL3ZpZGVhc3RlLW1hcmlhZ2UtbW9uYWNvLXBhY2EtMTguanBnIiwic2xpZGVzaG93IjoiN2Q4NzBjNyJ9\">\n\t\t\t\t\t<div class=\"e-gallery-image elementor-gallery-item__image\" data-thumbnail=\"https:\/\/lypictures.fr\/wp-content\/uploads\/2021\/02\/videaste-mariage-monaco-paca-18-300x200.jpg\" data-width=\"300\" data-height=\"200\" aria-label=\"mariage cote-Azur\" role=\"img\" ><\/div>\n\t\t\t\t\t\t\t\t\t\t\t<div class=\"elementor-gallery-item__overlay\"><\/div>\n\t\t\t\t\t\t\t\t\t\t\t\t\t\t<\/a>\n\t\t\t\t\t<\/div>\n\t\t\t\t\t<\/div>\n\t\t\t\t<\/div>\n\t\t\t\t<div class=\"elementor-element elementor-element-43a440d elementor-widget elementor-widget-text-editor\" data-id=\"43a440d\" data-element_type=\"widget\" data-e-type=\"widget\" data-widget_type=\"text-editor.default\">\n\t\t\t\t<div class=\"elementor-widget-container\">\n\t\t\t\t\t\t\t\t\t<p>Vid\u00e9o officielle de ce magnifique mariage !<\/p><p>\u00ab\u00a0My eyes on you\u00a0\u00bb<\/p>\t\t\t\t\t\t\t\t<\/div>\n\t\t\t\t<\/div>\n\t\t\t\t<div class=\"elementor-element elementor-element-63498c5 elementor-widget elementor-widget-heading\" data-id=\"63498c5\" data-element_type=\"widget\" data-e-type=\"widget\" data-widget_type=\"heading.default\">\n\t\t\t\t<div class=\"elementor-widget-container\">\n\t\t\t\t\t<h4 class=\"elementor-heading-title elementor-size-default\">Le mariage de Louis ducruet<\/h4>\t\t\t\t<\/div>\n\t\t\t\t<\/div>\n\t\t\t\t\t<\/div>\n\t\t<\/div>\n\t\t\t\t\t<\/div>\n\t\t<\/section>\n\t\t\t\t<section class=\"elementor-section elementor-top-section elementor-element elementor-element-9f4dfb0 elementor-section-full_width elementor-section-height-default elementor-section-height-default\" data-id=\"9f4dfb0\" data-element_type=\"section\" data-e-type=\"section\">\n\t\t\t\t\t\t<div class=\"elementor-container elementor-column-gap-default\">\n\t\t\t\t\t<div class=\"elementor-column elementor-col-100 elementor-top-column elementor-element elementor-element-38edb48\" data-id=\"38edb48\" data-element_type=\"column\" data-e-type=\"column\">\n\t\t\t<div class=\"elementor-widget-wrap elementor-element-populated\">\n\t\t\t\t\t\t<div class=\"elementor-element elementor-element-8d6d0db elementor-widget elementor-widget-video\" data-id=\"8d6d0db\" data-element_type=\"widget\" data-e-type=\"widget\" data-settings=\"{&quot;youtube_url&quot;:&quot;https:\\\/\\\/www.youtube.com\\\/watch?v=v4AM5MUL8WE&amp;t=39s&quot;,&quot;video_type&quot;:&quot;youtube&quot;,&quot;controls&quot;:&quot;yes&quot;}\" data-widget_type=\"video.default\">\n\t\t\t\t<div class=\"elementor-widget-container\">\n\t\t\t\t\t\t\t<div class=\"elementor-wrapper elementor-open-inline\">\n\t\t\t<div class=\"elementor-video\"><\/div>\t\t<\/div>\n\t\t\t\t\t\t<\/div>\n\t\t\t\t<\/div>\n\t\t\t\t<div class=\"elementor-element elementor-element-a1bbdf5 elementor-widget elementor-widget-spacer\" data-id=\"a1bbdf5\" data-element_type=\"widget\" data-e-type=\"widget\" data-widget_type=\"spacer.default\">\n\t\t\t\t<div class=\"elementor-widget-container\">\n\t\t\t\t\t\t\t<div class=\"elementor-spacer\">\n\t\t\t<div class=\"elementor-spacer-inner\"><\/div>\n\t\t<\/div>\n\t\t\t\t\t\t<\/div>\n\t\t\t\t<\/div>\n\t\t\t\t\t<\/div>\n\t\t<\/div>\n\t\t\t\t\t<\/div>\n\t\t<\/section>\n\t\t\t\t<section class=\"elementor-section elementor-top-section elementor-element elementor-element-6491500 elementor-section-boxed elementor-section-height-default elementor-section-height-default\" data-id=\"6491500\" data-element_type=\"section\" data-e-type=\"section\">\n\t\t\t\t\t\t<div class=\"elementor-container elementor-column-gap-default\">\n\t\t\t\t\t<div class=\"elementor-column elementor-col-100 elementor-top-column elementor-element elementor-element-aff542d\" data-id=\"aff542d\" data-element_type=\"column\" data-e-type=\"column\">\n\t\t\t<div class=\"elementor-widget-wrap elementor-element-populated\">\n\t\t\t\t\t\t<div class=\"elementor-element elementor-element-20a32ee elementor-button-info elementor-align-center elementor-widget elementor-widget-button\" data-id=\"20a32ee\" data-element_type=\"widget\" data-e-type=\"widget\" data-widget_type=\"button.default\">\n\t\t\t\t<div class=\"elementor-widget-container\">\n\t\t\t\t\t\t\t\t\t<div class=\"elementor-button-wrapper\">\n\t\t\t\t\t<a class=\"elementor-button elementor-button-link elementor-size-sm\" href=\"https:\/\/lypictures.fr\/en\/contact\/\">\n\t\t\t\t\t\t<span class=\"elementor-button-content-wrapper\">\n\t\t\t\t\t\t\t\t\t<span class=\"elementor-button-text\">CONTACT<\/span>\n\t\t\t\t\t<\/span>\n\t\t\t\t\t<\/a>\n\t\t\t\t<\/div>\n\t\t\t\t\t\t\t\t<\/div>\n\t\t\t\t<\/div>\n\t\t\t\t\t<\/div>\n\t\t<\/div>\n\t\t\t\t\t<\/div>\n\t\t<\/section>\n\t\t\t\t<\/div>","protected":false},"excerpt":{"rendered":"<p>Le mariage de Louis Ducruet et Marie Chevallier Mariage monaco Le mariage de Louis Ducruet et Marie Chevallier\u200b mariage princier La principaut\u00e9 de Monaco a une fois de plus fait parler d&rsquo;elle en mettant \u00e0 l&rsquo;honneur le Mariage de Louis Ducruet fils ain\u00e9 de la princesse h\u00e9riti\u00e8re St\u00e9phanie de Monaco avec Marie Chevallier, sa compagne [&hellip;]<\/p>","protected":false},"author":2,"featured_media":785,"parent":425,"menu_order":3,"comment_status":"closed","ping_status":"closed","template":"","meta":{"footnotes":""},"class_list":["post-1106","page","type-page","status-publish","has-post-thumbnail","hentry"],"_links":{"self":[{"href":"https:\/\/lypictures.fr\/en\/wp-json\/wp\/v2\/pages\/1106","targetHints":{"allow":["GET"]}}],"collection":[{"href":"https:\/\/lypictures.fr\/en\/wp-json\/wp\/v2\/pages"}],"about":[{"href":"https:\/\/lypictures.fr\/en\/wp-json\/wp\/v2\/types\/page"}],"author":[{"embeddable":true,"href":"https:\/\/lypictures.fr\/en\/wp-json\/wp\/v2\/users\/2"}],"replies":[{"embeddable":true,"href":"https:\/\/lypictures.fr\/en\/wp-json\/wp\/v2\/comments?post=1106"}],"version-history":[{"count":41,"href":"https:\/\/lypictures.fr\/en\/wp-json\/wp\/v2\/pages\/1106\/revisions"}],"predecessor-version":[{"id":3747,"href":"https:\/\/lypictures.fr\/en\/wp-json\/wp\/v2\/pages\/1106\/revisions\/3747"}],"up":[{"embeddable":true,"href":"https:\/\/lypictures.fr\/en\/wp-json\/wp\/v2\/pages\/425"}],"wp:featuredmedia":[{"embeddable":true,"href":"https:\/\/lypictures.fr\/en\/wp-json\/wp\/v2\/media\/785"}],"wp:attachment":[{"href":"https:\/\/lypictures.fr\/en\/wp-json\/wp\/v2\/media?parent=1106"}],"curies":[{"name":"wp","href":"https:\/\/api.w.org\/{rel}","templated":true}]}}